{"id":2635,"date":"2015-11-20T21:42:40","date_gmt":"2015-11-20T19:42:40","guid":{"rendered":"http:\/\/mrnelson-ecowear.com\/wordpress-sp\/?page_id=2635"},"modified":"2025-05-25T08:11:17","modified_gmt":"2025-05-25T06:11:17","slug":"impressum","status":"publish","type":"page","link":"http:\/\/praxis-crivellaro.de\/wordpress\/impressum\/","title":{"rendered":"Impressum"},"content":{"rendered":"\n<h3 class=\"wp-block-heading\">Impressum<\/h3>\n\n\n\n<p>Verantwortlich im Sinne des Telemedienrechts (\u00a7 5 Abs 1 ) :<\/p>\n\n\n\n<p>Antje Crivellaro<\/p>\n\n\n\n<p>Bahnhofstrasse 5<\/p>\n\n\n\n<p>15732 Eichwalde<\/p>\n\n\n\n<p>Tel.&nbsp;&nbsp; 030 67549930 &nbsp;Fax. 030 67549933<\/p>\n\n\n\n<p>e-mail: praxis.crivellaro@gmx.de<\/p>\n\n\n\n<p>&nbsp;<\/p>\n\n\n\n<p>Mir wurde die Befugnis zum F\u00fchren der Berufsbezeichnung \u201e\u00c4rztin \u201e und \u201eFach\u00e4rztin f\u00fcr Gyn\u00e4kologie und Geburtshilfe\u201c in der Bundesrepublik Deutschland verliehen. Ich bin Mitglied in der Landes\u00e4rztekammer Bandenburg und in der Kassen\u00e4rztlichen Vereinigung Brandenburg.<\/p>\n\n\n\n<p>Die berufsrechtlichen Regelungen (Berufsordnung) sind auf&nbsp;&nbsp; <a href=\"https:\/\/www.laekb.de\">https:\/\/www.laekb.de<\/a> zug\u00e4nglich.<\/p>\n\n\n\n<h4 class=\"wp-block-heading\">&nbsp;<\/h4>\n\n\n\n<h4 class=\"wp-block-heading\">Zust\u00e4ndige Aufsichtsbeh\u00f6rde:<\/h4>\n\n\n\n<p>Ministerium f\u00fcr Arbeit, Soziales, Gesundheit, Frauen und Familie, Heinrich-Mann-Allee 103,<\/p>\n\n\n\n<p>14473 Potsdam , <a href=\"http:\/\/www.masgf.brandenburg.de\/\">www.masgf.brandenburg.de<\/a><\/p>\n\n\n\n<p>&nbsp;<\/p>\n\n\n\n<h4 class=\"wp-block-heading\">Zust\u00e4ndige \u00c4rztekammer, Berufsordnung:<\/h4>\n\n\n\n<p>Landes\u00e4rztekammer Brandenburg, Dreifertstra\u00dfe 12, 03044 Cottbus<\/p>\n\n\n\n<p>&nbsp;<\/p>\n\n\n\n<h4 class=\"wp-block-heading\">Zust\u00e4ndige Kassen\u00e4rztliche Vereinigung:<\/h4>\n\n\n\n<p>Kassen\u00e4rztliche Vereinigung Brandenburg, Leipziger Str. 45B, 03048 Cottbus, <a href=\"https:\/\/www.kvbb.de\">https:\/\/www.kvbb.de<\/a><\/p>\n\n\n\n<p>&nbsp;<\/p>\n\n\n\n<h4 class=\"wp-block-heading\">Gesetzliche Berufsbezeichnung<\/h4>\n\n\n\n<p>Antje Crivellaro, Fach\u00e4rztin f\u00fcr Gyn\u00e4kologie und Geburtshilfe, Deutschland<\/p>\n\n\n\n<p>&nbsp;<\/p>\n\n\n\n<p>Die inhaltliche Verantwortung nach Telemediengesetz liegt bei Antje Crivellaro.<\/p>\n\n\n\n<p>&nbsp;<\/p>\n\n\n\n<hr class=\"wp-block-separator has-alpha-channel-opacity\"\/>\n\n\n\n<p><strong>PATIENTENINFORMATION ZUM DATENSCHUTZ<\/strong><\/p>\n\n\n\n<p>&nbsp;<\/p>\n\n\n\n<p>Sehr geehrte Patientin, sehr geehrter Patient,<\/p>\n\n\n\n<p>der Schutz Ihrer personenbezogenen Daten ist uns wichtig. Nach der EU-Datenschutz-Grundverordnung (DSGVO) sind wir verpflichtet, Sie dar\u00fcber zu informieren, zu welchem Zweck unsere Praxis Daten erhebt, speichert oder weiterleitet. Der Information k\u00f6nnen Sie auch entnehmen, welche Rechte Sie in puncto Datenschutz haben.<\/p>\n\n\n\n<ol class=\"wp-block-list\">\n<li><strong> VERANTWORTLICHKEIT F\u00dcR DIE DATENVERARBEITUNG<\/strong><\/li>\n<\/ol>\n\n\n\n<p>Verantwortlich f\u00fcr die Datenverarbeitung ist: &nbsp;Antje Crivellaro<\/p>\n\n\n\n<p>Praxisname: Frauenarztpraxis Crivellaro<\/p>\n\n\n\n<p>Adresse: Bahnhofstr. 5, 15732 Eichwalde<\/p>\n\n\n\n<p>Tel. 030-67549930<\/p>\n\n\n\n<p>&nbsp;<\/p>\n\n\n\n<p>Sie erreichen die\/den zust\u00e4ndige\/n Datenschutzbeauftragte\/n unter:<\/p>\n\n\n\n<p>Name: Antje Crivellaro<\/p>\n\n\n\n<p>Anschrift: Bahnhofstr. 5, 15732 Eichwalde<\/p>\n\n\n\n<p>Kontaktdaten:&nbsp; Tel. 030-67549930<\/p>\n\n\n\n<p>e-mail: <a href=\"mailto:praxis.crivellaro@gmx.de\">praxis.crivellaro@gmx.de<\/a><\/p>\n\n\n\n<p>Homepage: www.praxis-crivellaro.de<\/p>\n\n\n\n<ol start=\"2\" class=\"wp-block-list\">\n<li><strong> ZWECK DER DATENVERARBEITUNG<\/strong><\/li>\n<\/ol>\n\n\n\n<p>Die Datenverarbeitung erfolgt aufgrund gesetzlicher Vorgaben, um den Behandlungsvertrag zwischen Ihnen und Ihrem Arzt und die damit verbundenen Pflichten zu erf\u00fcllen.<\/p>\n\n\n\n<p>Hierzu verarbeiten wir Ihre personenbezogenen Daten, insbesondere Ihre Gesundheitsdaten. Dazu z\u00e4hlen Anamnesen, Diagnosen, Therapievorschl\u00e4ge und Befunde, die wir oder andere \u00c4rzte erheben. Zu diesen Zwecken k\u00f6nnen uns auch andere \u00c4rzte oder Psychotherapeuten, bei denen Sie in Behandlung sind, Daten zur Verf\u00fcgung stellen (z.B. in Arztbriefen).<\/p>\n\n\n\n<p>Die Erhebung von Gesundheitsdaten ist Voraussetzung f\u00fcr Ihre Behandlung. Werden die notwendigen Informationen nicht bereitgestellt, kann eine sorgf\u00e4ltige Behandlung nicht erfolgen.<\/p>\n\n\n\n<ol start=\"3\" class=\"wp-block-list\">\n<li><strong> EMPF\u00c4NGER IHRER DATEN<\/strong><\/li>\n<\/ol>\n\n\n\n<p>Wir \u00fcbermitteln Ihre personenbezogenen Daten nur dann an Dritte, wenn dies gesetzlich erlaubt ist oder Sie eingewilligt haben.<\/p>\n\n\n\n<p>Empf\u00e4nger Ihrer personenbezogenen Daten k\u00f6nnen vor allem andere \u00c4rzte \/ Psychotherapeuten, Kassen\u00e4rztliche Vereinigungen, Krankenkassen, der Medizinische Dienst der Krankenversicherung, \u00c4rztekammern und privat\u00e4rztliche Verrechnungsstellen sein.<\/p>\n\n\n\n<p>Die \u00dcbermittlung erfolgt \u00fcberwiegend zum Zwecke der Abrechnung der bei Ihnen erbrachten Leistungen, zur Kl\u00e4rung von medizinischen und sich aus Ihrem Versicherungsverh\u00e4ltnis ergebenden Fragen. Im Einzelfall erfolgt die \u00dcbermittlung von Daten an weitere berechtigte Empf\u00e4nger.<\/p>\n\n\n\n<ol start=\"4\" class=\"wp-block-list\">\n<li><strong> SPEICHERUNG IHRER DATEN<\/strong><\/li>\n<\/ol>\n\n\n\n<p>Wir bewahren Ihre personenbezogenen Daten nur solange auf, wie dies f\u00fcr die Durchf\u00fchrung der Behandlung erforderlich ist.<\/p>\n\n\n\n<p>Aufgrund rechtlicher Vorgaben sind wir dazu verpflichtet, diese Daten mindestens 10 Jahre nach Abschluss der Behandlung aufzubewahren. Nach anderen Vorschriften k\u00f6nnen sich l\u00e4ngere Aufbewahrungsfristen ergeben, zum Beispiel 30 Jahre bei R\u00f6ntgenaufzeichnungen laut Paragraf 28 Absatz 3 der R\u00f6ntgenverordnung.<\/p>\n\n\n\n<ol start=\"5\" class=\"wp-block-list\">\n<li><strong> IHRE RECHTE <\/strong><\/li>\n<\/ol>\n\n\n\n<p>Sie haben das Recht, \u00fcber die Sie betreffenden personenbezogenen Daten Auskunft zu erhalten. Auch k\u00f6nnen Sie die Berichtigung unrichtiger Daten verlangen.<\/p>\n\n\n\n<p>Dar\u00fcber hinaus steht Ihnen unter bestimmten Voraussetzungen das Recht auf L\u00f6schung von Daten, das Recht auf Einschr\u00e4nkung der Datenverarbeitung sowie das Recht auf Daten\u00fcbertragbarkeit zu.<\/p>\n\n\n\n<p>Die Verarbeitung Ihrer Daten erfolgt auf Basis von gesetzlichen Regelungen. Nur in Ausnahmef\u00e4llen ben\u00f6tigen wir Ihr Einverst\u00e4ndnis. In diesen F\u00e4llen haben Sie das Recht, die Einwilligung f\u00fcr die zuk\u00fcnftige Verarbeitung zu widerrufen.<\/p>\n\n\n\n<p>Sie haben ferner das Recht, sich bei der zust\u00e4ndigen Aufsichtsbeh\u00f6rde f\u00fcr den Datenschutz zu beschweren, wenn Sie der Ansicht sind, dass die Verarbeitung Ihrer personenbezogenen Daten nicht rechtm\u00e4\u00dfig erfolgt.<\/p>\n\n\n\n<p>Die Anschrift der f\u00fcr uns zust\u00e4ndigen Aufsichtsbeh\u00f6rde lautet:<\/p>\n\n\n\n<p>Name: Dagmar Hartge;<\/p>\n\n\n\n<p>Landesbeauftragte f\u00fcr den Datenschutz und f\u00fcr das Recht auf Akteneinsicht Brandenburg<\/p>\n\n\n\n<p>Anschrift:&nbsp; Stahnsdorfer Damm 77&nbsp; ; 14532 Kleinmachnow<\/p>\n\n\n\n<p>Tel. 033203\/ 356-0<\/p>\n\n\n\n<p>Fax. 033203\/ 356-49<\/p>\n\n\n\n<p>e-mail: <a href=\"mailto:poststelle@lda.brandenburg.de\">poststelle@lda.brandenburg.de<\/a><\/p>\n\n\n\n<p>Homepage: http:\/\/www.lda.brandenburg.de<\/p>\n\n\n\n<ol start=\"6\" class=\"wp-block-list\">\n<li><strong> RECHTLICHE GRUNDLAGEN<\/strong><\/li>\n<\/ol>\n\n\n\n<p>Rechtsgrundlage f\u00fcr die Verarbeitung Ihrer Daten ist Artikel 9 Absatz 2 lit. h) DSGVO in Verbindung mit Paragraf 22 Absatz 1 Nr. 1 lit. b) Bundesdatenschutzgesetz. Sollten Sie Fragen haben, k\u00f6nnen Sie sich gern an uns wenden.<\/p>\n\n\n\n<p>&nbsp;<\/p>\n\n\n\n<p>Ihr Praxisteam<\/p>\n\n\n\n<p>der Frauenarztpraxis Crivellaro<\/p>\n\n\n\n<hr class=\"wp-block-separator has-alpha-channel-opacity\"\/>\n\n\n\n<p>&nbsp;<\/p>\n\n\n\n<h3 class=\"wp-block-heading\">DISCLAIMER<\/h3>\n\n\n\n<h4 class=\"wp-block-heading\">1. Haftungsbeschr\u00e4nkung<\/h4>\n\n\n\n<p>Die Webseite wurde mit gr\u00f6\u00dftm\u00f6glicher Sorgfalt erstellt. Der Anbieter dieser Webseite \u00fcbernimmt dennoch keine Gew\u00e4hr f\u00fcr die Richtigkeit, Vollst\u00e4ndigkeit und Aktualit\u00e4t der bereitgestellten Inhalte und Informationen. Die Nutzung der Webseiteninhalte erfolgt auf eigene Gefahr. Allein durch die Nutzung der Website kommt keinerlei Vertragsverh\u00e4ltnis zwischen dem Nutzer und dem Anbieter zustande.<\/p>\n\n\n\n<h4 class=\"wp-block-heading\">2. Verlinkungen<\/h4>\n\n\n\n<p>Die Webseite enth\u00e4lt Verlinkungen zu anderen Webseiten (&#8222;externe Links&#8220;). Diese Webseiten unterliegen der Haftung der jeweiligen Seitenbetreiber. Bei Verkn\u00fcpfung der externen Links waren keine Rechtsverst\u00f6\u00dfe ersichtlich. Auf die aktuelle und k\u00fcnftige Gestaltung der verlinkten Seiten hat der Anbieter keinen Einfluss. Die permanente \u00dcberpr\u00fcfung der externen Links ist f\u00fcr den Anbieter ohne konkrete Hinweise auf Rechtsverst\u00f6\u00dfe nicht zumutbar. Bei Bekanntwerden von Rechtsverst\u00f6\u00dfen werden die betroffenen externen Links unverz\u00fcglich gel\u00f6scht.<\/p>\n\n\n\n<h4 class=\"wp-block-heading\">3. Urheberrecht \/ Leistungsschutzrecht<\/h4>\n\n\n\n<p>Die auf dieser Webseite durch den Anbieter ver\u00f6ffentlichten Inhalte unterliegen dem deutschen Urheberrecht und Leistungsschutzrecht. Alle vom deutschen Urheber- und Leistungsschutzrecht nicht zugelassene Verwertung bedarf der vorherigen schriftlichen Zustimmung des Anbieters oder jeweiligen Rechteinhabers. Dies gilt vor allem f\u00fcr Vervielf\u00e4ltigung, Bearbeitung, \u00dcbersetzung, Einspeicherung, Verarbeitung bzw. Wiedergabe von Inhalten in Datenbanken oder anderen elektronischen Medien und Systemen. Dabei sind Inhalte und Rechte Dritter als solche gekennzeichnet. Das unerlaubte Kopieren der Webseiteninhalte oder der kompletten Webseite ist nicht gestattet und strafbar. Lediglich die Herstellung von Kopien und Downloads f\u00fcr den pers\u00f6nlichen, privaten und nicht kommerziellen Gebrauch ist erlaubt.<\/p>\n\n\n\n<p>Diese Website darf ohne schriftliche Erlaubnis nicht durch Dritte in Frames oder iFrames dargestellt werden.<\/p>\n\n\n\n<h4 class=\"wp-block-heading\">4. Datenschutz<\/h4>\n\n\n\n<p>Mit dem Besuch dieser Webseite k\u00f6nnen Informationen \u00fcber den Zugriff gespeichert werden. Diese Daten wie Uhrzeit, Datum und die betrachtete Seite geh\u00f6ren nicht zu den personenbezogenen Daten, sondern sind anonymisiert. Dies werden nur aus statistischen Zwecken erfasst. Eine Weitergabe an Dritte, zu kommerziellen oder nichtkommerziellen Zwecken, erfolgt nicht.<\/p>\n\n\n\n<p>Der Anbieter weist ausdr\u00fccklich darauf hin, dass die Daten\u00fcbertragung im Internet (z.B. bei der Kommunikation per E-Mail) Sicherheitsl\u00fccken aufweisen und nicht l\u00fcckenlos vor dem Zugriff durch Dritte gesch\u00fctzt werden kann.<\/p>\n\n\n\n<p>Die Verwendung der Kontaktdaten des Impressums zur gewerblichen Werbung ist ausdr\u00fccklich nicht erw\u00fcnscht, es sei denn der Anbieter hatte zuvor seine schriftliche Einwilligung erteilt oder es besteht bereits eine Gesch\u00e4ftsbeziehung. Der Anbieter und alle auf dieser Website genannten Personen widersprechen hiermit jeder kommerziellen Verwendung und Weitergabe ihrer Daten.<\/p>\n\n\n\n<p>Quelle: <a href=\"http:\/\/www.fachanwalt.de\/\">Fachanwalt.de<\/a><\/p>\n\n\n\n<p>&nbsp;<\/p>\n\n\n\n<h4 class=\"wp-block-heading\">Gestaltung:<\/h4>\n\n\n\n<p>Stefan Hollstein mit freundlicher Hilfe von WordPress.org und acme themes<\/p>\n\n\n\n<p><\/p>\n","protected":false},"excerpt":{"rendered":"<p>Impressum Verantwortlich im Sinne des Telemedienrechts (\u00a7 5 Abs 1 ) : Antje Crivellaro Bahnhofstrasse 5 15732 Eichwalde Tel.&nbsp;&nbsp; 030 67549930 &nbsp;Fax. 030 67549933 e-mail: praxis.crivellaro@gmx.de &nbsp; Mir wurde die Befugnis zum F\u00fchren der Berufsbezeichnung \u201e\u00c4rztin \u201e und \u201eFach\u00e4rztin f\u00fcr Gyn\u00e4kologie und Geburtshilfe\u201c in der Bundesrepublik Deutschland verliehen. Ich bin Mitglied in der Landes\u00e4rztekammer Bandenburg&hellip;<\/p>\n","protected":false},"author":1,"featured_media":0,"parent":0,"menu_order":0,"comment_status":"closed","ping_status":"closed","template":"","meta":{"footnotes":""},"class_list":["post-2635","page","type-page","status-publish","hentry"],"_links":{"self":[{"href":"http:\/\/praxis-crivellaro.de\/wordpress\/wp-json\/wp\/v2\/pages\/2635","targetHints":{"allow":["GET"]}}],"collection":[{"href":"http:\/\/praxis-crivellaro.de\/wordpress\/wp-json\/wp\/v2\/pages"}],"about":[{"href":"http:\/\/praxis-crivellaro.de\/wordpress\/wp-json\/wp\/v2\/types\/page"}],"author":[{"embeddable":true,"href":"http:\/\/praxis-crivellaro.de\/wordpress\/wp-json\/wp\/v2\/users\/1"}],"replies":[{"embeddable":true,"href":"http:\/\/praxis-crivellaro.de\/wordpress\/wp-json\/wp\/v2\/comments?post=2635"}],"version-history":[{"count":7,"href":"http:\/\/praxis-crivellaro.de\/wordpress\/wp-json\/wp\/v2\/pages\/2635\/revisions"}],"predecessor-version":[{"id":3049,"href":"http:\/\/praxis-crivellaro.de\/wordpress\/wp-json\/wp\/v2\/pages\/2635\/revisions\/3049"}],"wp:attachment":[{"href":"http:\/\/praxis-crivellaro.de\/wordpress\/wp-json\/wp\/v2\/media?parent=2635"}],"curies":[{"name":"wp","href":"https:\/\/api.w.org\/{rel}","templated":true}]}}